{"id":23,"date":"2017-11-22T18:34:16","date_gmt":"2017-11-22T18:34:16","guid":{"rendered":"http:\/\/ammerseeurlaub.com\/?page_id=23"},"modified":"2024-01-03T09:53:14","modified_gmt":"2024-01-03T09:53:14","slug":"preise","status":"publish","type":"page","link":"https:\/\/ammerseeurlaub.com\/?page_id=23","title":{"rendered":"Preise"},"content":{"rendered":"<p>Unsere Preisangaben sind Tagespreise bei einer Belegung ab 1 Person. Die Mindestaufenthaltsdauer betr\u00e4gt 7 Tage.\u00a0 Einzeltages\u00fcbernachtungen sind je nach Verf\u00fcgbarkeit m\u00f6glich. Die Preise schlie\u00dfen ein die gesetzliche Mehrwertsteuer von 7 %,\u00a0\u00a0 Hand- und Duscht\u00fccher,\u00a0 Bettw\u00e4sche, Kurtaxe, Parkplatz\u00a0 und etwaige Nebenkosten.\u00a0 Keine weiteren Zusatzkosten. F\u00fcr Firmen und Gesch\u00e4ftskunden sind wir vorsteuerabzugs-berechtigt. Einzel\u00fcbernachtungen je nach Verf\u00fcgbarkeit sind m\u00f6glich, bitte einfach bei uns anfragen, bez\u00fcglich einer Kurzbucherpauschale.<\/p>\n<p>Gro\u00dfe Ferienwohnung &#8222;Monika&#8220;:<\/p>\n<table width=\"291\">\n<tbody>\n<tr>\n<td width=\"76\"><strong>Personen<\/strong><\/td>\n<td width=\"117\"><strong>Aufenthalt<\/strong><\/td>\n<td width=\"97\"><strong>Preis in Euro<\/strong><\/td>\n<\/tr>\n<tr>\n<td width=\"76\"><\/td>\n<td width=\"117\"><\/td>\n<td width=\"97\"><\/td>\n<\/tr>\n<tr>\n<td width=\"76\">1<\/td>\n<td width=\"117\">Ab 7 Tage<\/td>\n<td width=\"97\">59,-<\/td>\n<\/tr>\n<tr>\n<td width=\"76\"><\/td>\n<td width=\"117\"><\/td>\n<td width=\"97\"><\/td>\n<\/tr>\n<tr>\n<td width=\"76\">2<\/td>\n<td width=\"117\">Bis 7 Tage<\/td>\n<td width=\"97\">88,-<\/td>\n<\/tr>\n<tr>\n<td width=\"76\"><\/td>\n<td width=\"117\">Ab 8 Tagen<\/td>\n<td width=\"97\">86,-<\/td>\n<\/tr>\n<tr>\n<td width=\"76\"><\/td>\n<td width=\"117\"><\/td>\n<td width=\"97\"><\/td>\n<\/tr>\n<tr>\n<td width=\"76\">bis 4<\/td>\n<td width=\"117\">Bis 7 Tage<\/td>\n<td width=\"97\">109,-<\/td>\n<\/tr>\n<tr>\n<td width=\"76\"><\/td>\n<td width=\"117\">Ab 8 Tagen<\/td>\n<td width=\"97\">105,-<\/td>\n<\/tr>\n<tr>\n<td width=\"76\"><\/td>\n<td width=\"117\"><\/td>\n<td width=\"97\"><\/td>\n<\/tr>\n<tr>\n<td width=\"76\">bis 6<\/td>\n<td width=\"117\">Bis 7 Tage<\/td>\n<td width=\"97\">129,-<\/td>\n<\/tr>\n<tr>\n<td width=\"76\"><\/td>\n<td width=\"117\">Ab 8 Tagen<\/td>\n<td width=\"97\">125,-<\/td>\n<\/tr>\n<\/tbody>\n<\/table>\n<p>Belegung am Anreisetag ab 15.00 Uhr,\u00a0 Abreise erbeten bis 10.00 Uhr am Vormittag. Einzel\u00fcbernachtungen sind grunds\u00e4tzlich m\u00f6glich &#8211; bitte sprechen Sie uns bez\u00fcglich einer Kurzbucherpauschale an. Auch f\u00fcr einen etwaigen l\u00e4ngeren Mietzeitwunsch sprechen Sie uns bitte individuell an.<\/p>\n<p>Bei l\u00e4ngeren Buchungszeiten Preise auf Anfrage. F\u00fcr Firmen bieten wir eine individuelle Firmenrate an. Auch Wohnen auf Zeit nach Verf\u00fcgbarkeit m\u00f6glich.<\/p>\n<p>Alle Preise beinhalten 7% Mehrwertsteuer, Bettw\u00e4sche, Hand- und Duscht\u00fccher, Kurtaxe,\u00a0 und Parkplatz.<\/p>\n<p>Stand:\u00a0 Oktober 2023<\/p>\n","protected":false},"excerpt":{"rendered":"<p>Unsere Preisangaben sind Tagespreise bei einer Belegung ab 1 Person. Die Mindestaufenthaltsdauer betr\u00e4gt 7 Tage.\u00a0 Einzeltages\u00fcbernachtungen sind je nach Verf\u00fcgbarkeit m\u00f6glich. Die Preise schlie\u00dfen ein die gesetzliche Mehrwertsteuer von 7 %,\u00a0\u00a0 Hand- und Duscht\u00fccher,\u00a0 Bettw\u00e4sche, Kurtaxe, Parkplatz\u00a0 und etwaige Nebenkosten.\u00a0 Keine weiteren Zusatzkosten. F\u00fcr Firmen und Gesch\u00e4ftskunden sind wir vorsteuerabzugs-berechtigt. Einzel\u00fcbernachtungen je nach Verf\u00fcgbarkeit sind &hellip; <\/p>\n<p class=\"link-more\"><a href=\"https:\/\/ammerseeurlaub.com\/?page_id=23\" class=\"more-link\"><span class=\"screen-reader-text\">\u201ePreise\u201c <\/span>weiterlesen<\/a><\/p>\n","protected":false},"author":1,"featured_media":0,"parent":0,"menu_order":10,"comment_status":"closed","ping_status":"closed","template":"","meta":{"footnotes":""},"class_list":["post-23","page","type-page","status-publish","hentry"],"_links":{"self":[{"href":"https:\/\/ammerseeurlaub.com\/index.php?rest_route=\/wp\/v2\/pages\/23","targetHints":{"allow":["GET"]}}],"collection":[{"href":"https:\/\/ammerseeurlaub.com\/index.php?rest_route=\/wp\/v2\/pages"}],"about":[{"href":"https:\/\/ammerseeurlaub.com\/index.php?rest_route=\/wp\/v2\/types\/page"}],"author":[{"embeddable":true,"href":"https:\/\/ammerseeurlaub.com\/index.php?rest_route=\/wp\/v2\/users\/1"}],"replies":[{"embeddable":true,"href":"https:\/\/ammerseeurlaub.com\/index.php?rest_route=%2Fwp%2Fv2%2Fcomments&post=23"}],"version-history":[{"count":21,"href":"https:\/\/ammerseeurlaub.com\/index.php?rest_route=\/wp\/v2\/pages\/23\/revisions"}],"predecessor-version":[{"id":215,"href":"https:\/\/ammerseeurlaub.com\/index.php?rest_route=\/wp\/v2\/pages\/23\/revisions\/215"}],"wp:attachment":[{"href":"https:\/\/ammerseeurlaub.com\/index.php?rest_route=%2Fwp%2Fv2%2Fmedia&parent=23"}],"curies":[{"name":"wp","href":"https:\/\/api.w.org\/{rel}","templated":true}]}}